{"id":6,"date":"2010-10-24T11:13:21","date_gmt":"2010-10-24T11:13:21","guid":{"rendered":"http:\/\/andrenerman.com\/?page_id=6"},"modified":"2020-04-21T11:08:23","modified_gmt":"2020-04-21T11:08:23","slug":"bio","status":"publish","type":"page","link":"http:\/\/andrenerman.com\/?page_id=6","title":{"rendered":"Bio"},"content":{"rendered":"<p style=\"text-align: justify;\">            \n\t\t<div class=\"ngg-gallery-singlepic-image ngg-right\" style=\"max-width: 200px\">\n\t\t\t    \t<a href=\"http:\/\/andrenerman.com\/wp-content\/gallery\/bio\/ilbarritz.jpg\"\n\t\t     title=\"La mer - Ilbarritz\"\n             data-src=\"http:\/\/andrenerman.com\/wp-content\/gallery\/bio\/ilbarritz.jpg\"\n             data-thumbnail=\"http:\/\/andrenerman.com\/wp-content\/gallery\/bio\/thumbs\/thumbs_ilbarritz.jpg\"\n             data-image-id=\"154\"\n             data-title=\"La mer - Ilbarritz\"\n             data-description=\"La mer - Ilbarritz\"\n             target='_self'\n             class='thickbox' rel='c0a40c24f2e3a31a68583cc577f86a5e'>\n            <img class=\"ngg-singlepic\"\n             src=\"http:\/\/andrenerman.com\/wp-content\/gallery\/bio\/cache\/ilbarritz.jpg-nggid03154-ngg0dyn-200x150x100-00f0w010c010r110f110r010t010.jpg\"\n             alt=\"La mer - Ilbarritz\"\n             title=\"La mer - Ilbarritz\"\n              width=\"200\"               \/>\n    \t<\/a>\n\t\t      <\/div>\n        Andr\u00e9 Nerman est <strong>com\u00e9dien<\/strong>, <strong>metteur en sc\u00e8ne<\/strong> et <strong>chanteur<\/strong>. N\u00e9 \u00e0 Biarritz, apr\u00e8s des \u00e9tudes universitaires \u00e0 Bordeaux et ses premi\u00e8res exp\u00e9riences th\u00e9\u00e2trales \u00e0 Biarritz, Andr\u00e9 \u00ab\u00a0monte\u00a0\u00bb \u00e0 Paris et suit les cours d\u2019<strong>art dramatique<\/strong> Raymond Girard et Jean Darnel, l&rsquo;atelier Alain Illel, l\u2019\u00e9cole Etienne Decroux (mime).<\/p>\n<p style=\"text-align: justify;\">Engag\u00e9 par une compagnie de classiques, la <strong>Compagnie Sganarelle<\/strong>, il interpr\u00e8te tr\u00e8s t\u00f4t Rodrigue du Cid de <strong>Corneille<\/strong>, Almaviva du <strong>Barbier de S\u00e9ville<\/strong>, Oreste d\u2019<strong>Andromaque<\/strong>, de nombreux jeunes premiers de <strong>Moli\u00e8re<\/strong>.<\/p>\n<p style=\"text-align: justify;\">En 1983, il est engag\u00e9 aux c\u00f4t\u00e9s de Muriel Mayette pour jouer Rom\u00e9o au Festival d\u2019Anjou. Les engagements au th\u00e9\u00e2tre vont se succ\u00e9der, retenons \u00ab\u00a0Th\u00e9r\u00e8se Desqueyroux\u00a0\u00bb avec Catherine Salviat, \u00ab\u00a0Madame sans-g\u00eanes\u00a0\u00bb avec Annie Cordy (r\u00f4le de Neipperg), \u00ab\u00a0Antigone\u00a0\u00bb (r\u00f4le d\u2019H\u00e9mon) aux c\u00f4t\u00e9s de Catherine Salviat et Jean Davy, \u00ab\u00a0Le chevalier \u00e0 la rose\u00a0\u00bb avec le <strong>Centre Dramatique National de Nice<\/strong> mis en sc\u00e8ne par Jean-Louis Thamin, avec Francine Berg\u00e9.            \n\t\t<div class=\"ngg-gallery-singlepic-image ngg-right\" style=\"max-width: 138px\">\n\t\t\t    \t<a href=\"http:\/\/andrenerman.com\/wp-content\/gallery\/spectacles-portrait\/moliere1.jpg\"\n\t\t     title=\"Moli\u00e8re amoureux\"\n             data-src=\"http:\/\/andrenerman.com\/wp-content\/gallery\/spectacles-portrait\/moliere1.jpg\"\n             data-thumbnail=\"http:\/\/andrenerman.com\/wp-content\/gallery\/spectacles-portrait\/thumbs\/thumbs_moliere1.jpg\"\n             data-image-id=\"149\"\n             data-title=\"Moli\u00e8re amoureux\"\n             data-description=\"Moli\u00e8re amoureux\"\n             target='_self'\n             class='thickbox' rel='2a518744419ac499a71e0325c82d71eb'>\n            <img class=\"ngg-singlepic\"\n             src=\"http:\/\/andrenerman.com\/wp-content\/gallery\/spectacles-portrait\/cache\/moliere1.jpg-nggid03149-ngg0dyn-260x200x100-00f0w010c010r110f110r010t010.jpg\"\n             alt=\"Moli\u00e8re amoureux\"\n             title=\"Moli\u00e8re amoureux\"\n              width=\"138\"               \/>\n    \t<\/a>\n\t\t      <\/div>\n        <\/p>\n<p style=\"text-align: justify;\">Parall\u00e8lement, Andr\u00e9 d\u00e9bute \u00e0 la <strong>t\u00e9l\u00e9vision<\/strong> avec les premiers r\u00f4les des s\u00e9ries \u00ab\u00a0<strong>Coulisses<\/strong>\u00a0\u00bb et \u00ab\u00a0<strong>Allo tu m\u2019aimes<\/strong>\u00ab\u00a0.<\/p>\n<p>Au d\u00e9but des ann\u00e9es 90 compl\u00e8te alors sa formation de com\u00e9dien \u00e0 Los\u00a0Angeles o\u00f9 il \u00e9tudie les techniques de l\u2019<strong>Actors Studio<\/strong>. Il participe en m\u00eame temps avec Claude\u00a0Beauclair \u00e0 de grandes <strong>tourn\u00e9es internationales<\/strong> (il joue notamment Sartre, Pr\u00e9vert, Tardieu).<\/p>\n<p>Andr\u00e9 Nerman cr\u00e9e alors ses propres <strong>mises en sc\u00e8ne<\/strong>. Il met en\u00a0sc\u00e8ne notamment \u00ab\u00a0<strong><a title=\"Le livre de Christophe Colomb\" href=\"http:\/\/andrenerman.com\/?page_id=413\" target=\"_self\" rel=\"noopener noreferrer\">Livre de Christophe Colomb<\/a><\/strong>\u00a0\u00bb de Claudel (il interpr\u00e8te le r\u00f4le de\u00a0Christophe Colomb). Puis il joue \u00ab\u00a0La Musica deuxi\u00e8me\u00a0\u00bb de Marguerite Duras, \u00ab\u00a0<strong><a title=\"Moli\u00e8re Amoureux\" href=\"http:\/\/andrenerman.com\/?page_id=422\" target=\"_self\" rel=\"noopener noreferrer\">Moli\u00e8re amoureux<\/a><\/strong>\u00a0\u00bb (Un spectacle relatant la vie amoureuse de Moli\u00e8re).<\/p>\n<p>            \n\t\t<div class=\"ngg-gallery-singlepic-image ngg-left\" style=\"max-width: 180px\">\n\t\t\t    \t<a href=\"http:\/\/andrenerman.com\/wp-content\/gallery\/j-brel\/img_0359.jpg\"\n\t\t     title=\"Jacques Brel ou l&#039;impossible r\u00eave\"\n             data-src=\"http:\/\/andrenerman.com\/wp-content\/gallery\/j-brel\/img_0359.jpg\"\n             data-thumbnail=\"http:\/\/andrenerman.com\/wp-content\/gallery\/j-brel\/thumbs\/thumbs_img_0359.jpg\"\n             data-image-id=\"178\"\n             data-title=\"Jacques Brel ou l&#039;impossible r\u00eave\"\n             data-description=\"Jacques Brel ou l&#039;impossible r\u00eave\"\n             target='_self'\n             class='thickbox' rel='279dd4b55d0ebc81019253ca8b8de089'>\n            <img class=\"ngg-singlepic\"\n             src=\"http:\/\/andrenerman.com\/wp-content\/gallery\/j-brel\/cache\/img_0359.jpg-nggid03178-ngg0dyn-180x180x100-00f0w010c010r110f110r010t010.jpg\"\n             alt=\"Jacques Brel ou l&#039;impossible r\u00eave\"\n             title=\"Jacques Brel ou l&#039;impossible r\u00eave\"\n              width=\"180\"               \/>\n    \t<\/a>\n\t\t      <\/div>\n        \u00a0<span style=\"line-height: 1.5em;\">Il cr\u00e9e en 2004 le spectacle\u00a0musical \u00ab\u00a0<\/span><strong style=\"line-height: 1.5em;\"><a title=\"Jacques Brel ou l'impossible r\u00eave\" href=\"http:\/\/andrenerman.com\/?page_id=156\" target=\"_self\" rel=\"noopener noreferrer\">Jacques Brel ou L\u2019Impossible R\u00eave<\/a><\/strong><span style=\"line-height: 1.5em;\">\u00a0\u00bb (dans lequel il interpr\u00e8te Brel) qui connait un succ\u00e8s\u00a0ininterrompu depuis 10 ans. Le spectacle est rest\u00e9 \u00e0 l&rsquo;affiche 26 mois \u00e0 Paris dans cinq th\u00e9\u00e2tres\u00a0diff\u00e9rents (en 2010 au Th\u00e9\u00e2tre Daunou et en 2012 au Th\u00e9\u00e2tre le Ranelagh). Il a tourn\u00e9 en\u00a0Russie, au Maroc et au Japon et en Belgique. Par ailleurs, il met en sc\u00e8ne \u00ab\u00a0<\/span><strong style=\"line-height: 1.5em;\"><a title=\"J'accuse de Zola\" href=\"http:\/\/andrenerman.com\/?page_id=416\" target=\"_self\" rel=\"noopener noreferrer\">J\u2019accuse<\/a><\/strong><span style=\"line-height: 1.5em;\">\u00a0\u00bb de Zola,\u00a0\u00ab\u00a0<\/span><strong style=\"line-height: 1.5em;\"><a title=\"La voix humaine\" href=\"http:\/\/andrenerman.com\/?page_id=773\">La voix humaine<\/a><\/strong><span style=\"line-height: 1.5em;\">\u00a0\u00bb de Cocteau, et il joue dans ses mises en sc\u00e8ne \u00ab\u00a0Un certain Untel\u00a0\u00bb de\u00a0Teresa Lopez, \u00ab\u00a0La peur des coups\u00a0\u00bb de Courteline. Il est \u00e9galement engag\u00e9 pour jouer Arlequin\u00a0dans \u00ab\u00a0La Fausse suivante\u00a0\u00bb de Marivaux et \u00ab\u00a0Sur les pas de Virginia Woolf\u00a0\u00bb (r\u00f4le de Leonard\u00a0Woolf) mis en sc\u00e8ne par Chantal Lebaillif.<\/span><\/p>\n<p>&nbsp;<\/p>\n<p>Parall\u00e8lement, Andr\u00e9 poursuit sa carri\u00e8re \u00e0 la t\u00e9l\u00e9vision (Ces derni\u00e8res ann\u00e9es il appara\u00eet\u00a0notamment dans \u00ab\u00a0Tropiques amers\u00a0\u00bb r\u00e9alis\u00e9 par Jean-Claude Barny, dans le t\u00e9l\u00e9film de Serge\u00a0Meynard \u00ab\u00a0Miroir, mon beau miroir\u00a0\u00bb, dans la s\u00e9rie \u00ab\u00a0Section de recherche\u00a0\u00bb, et en r\u00e9curant dans\u00a0l\u2019\u00e9mission \u00ab\u00a0Tout le monde il est beau\u00a0\u00bb sur Canal+).\u00a0<a title=\"Vid\u00e9os films\" href=\"http:\/\/andrenerman.com\/?page_id=47\" target=\"_self\" rel=\"noopener noreferrer\">Voir les vid\u00e9os<\/a><\/p>\n<p>En 2013, Andr\u00e9 adapte et met en sc\u00e8ne au Th\u00e9\u00e2tre de la Huchette \u00ab\u00a0<strong><a title=\"Un rapport sur la banalit\u00e9 de l'amour\" href=\"http:\/\/andrenerman.com\/?page_id=957\">Un rapport sur la banalit\u00e9 de l\u2019amour<\/a><\/strong>\u00a0\u00bb (l\u2019histoire d\u2019amour entre Hannah Arendt et Martin Heidegger ) de Mario Diament\u00a0dont c\u2019est la cr\u00e9ation en France. Il interpr\u00e8te lui-m\u00eame le r\u00f4le de Martin Heidegger.<\/p>\n<p>En 2014, \u00e0 l\u2019occasion de l\u2019anniversaire de la guerre de 14-18, Andr\u00e9 cr\u00e9e le spectacle <strong>\u00ab\u00a0Guillaume Apollinaire en 1914, soldat et amoureux\u00a0\u00bb<\/strong>.<\/p>\n<p>En 2015, Andr\u00e9 est engag\u00e9 pour la pi\u00e8ce <strong>\u00ab\u00a0Blind Date\u00a0\u00bb<\/strong> de Mario Diament cr\u00e9\u00e9 au Th\u00e9\u00e2tre de la\u00a0Huchette et mis en sc\u00e8ne par John McLean.<\/p>\n<p>En 2015 et 2016 Andr\u00e9 Nerman met en sc\u00e8ne et joue <strong>\u00ab\u00a0La le\u00e7on\u00a0\u00bb<\/strong> de Ionesco et <strong>\u00ab\u00a0Huis Clos\u00a0\u00bb<\/strong> de Sartre. Ces deux spectacles ont tourn\u00e9 aux USA et au Canada.<\/p>\n<p>Puis <strong>\u00ab\u00a0Un rapport sur la banalit\u00e9 de l&rsquo;amour\u00a0\u00bb<\/strong> connait un immense succ\u00e8s lors de ses deux reprises aux Festivals d&rsquo;Avignon 2017 et 2018. Il s&rsquo;ensuit une tr\u00e8s grande tourn\u00e9e en France, aux USA , au Canada, en Suisse et au Maroc.<\/p>\n<p>Enfin, en 2018 et 2019, Andr\u00e9 Nerman adapte, met en sc\u00e8ne et joue <strong>\u00ab\u00a0Terre des hommes\u00a0\u00bb<\/strong> de Saint-Exup\u00e9ry et <strong>\u00ab\u00a0La chute\u00a0\u00bb<\/strong> de Camus \u00a0 \u00a0 ( avec la danseuse Nicola Ayoub qui signe la chor\u00e9graphie).<\/p>\n<p style=\"text-align: center;\"><strong>            \n\t\t<div class=\"ngg-gallery-singlepic-image ngg-center\" style=\"max-width: 320px\">\n\t\t\t    \t<a href=\"http:\/\/andrenerman.com\/wp-content\/gallery\/bio\/malibu.jpg\"\n\t\t     title=\"La mer - Malibu\"\n             data-src=\"http:\/\/andrenerman.com\/wp-content\/gallery\/bio\/malibu.jpg\"\n             data-thumbnail=\"http:\/\/andrenerman.com\/wp-content\/gallery\/bio\/thumbs\/thumbs_malibu.jpg\"\n             data-image-id=\"157\"\n             data-title=\"La mer - Malibu\"\n             data-description=\"La mer - Malibu\"\n             target='_self'\n             class='thickbox' rel='4962f52651fa897ebc563c506e84a18f'>\n            <img class=\"ngg-singlepic\"\n             src=\"http:\/\/andrenerman.com\/wp-content\/gallery\/bio\/cache\/malibu.jpg-nggid03157-ngg0dyn-320x240x100-00f0w010c010r110f110r010t010.jpg\"\n             alt=\"La mer - Malibu\"\n             title=\"La mer - Malibu\"\n              width=\"320\"               \/>\n    \t<\/a>\n\t\t      <\/div>\n        <\/strong><\/p>\n","protected":false},"excerpt":{"rendered":"<p>Andr\u00e9 Nerman est com\u00e9dien, metteur en sc\u00e8ne et chanteur. N\u00e9 \u00e0 Biarritz, apr\u00e8s des \u00e9tudes universitaires \u00e0 Bordeaux et ses premi\u00e8res exp\u00e9riences th\u00e9\u00e2trales \u00e0 Biarritz, Andr\u00e9 \u00ab\u00a0monte\u00a0\u00bb \u00e0 Paris et suit les cours d\u2019art dramatique Raymond Girard et Jean Darnel, l&rsquo;atelier Alain Illel, l\u2019\u00e9cole Etienne Decroux (mime). Engag\u00e9 par une compagnie de classiques, la Compagnie [&hellip;]<\/p>\n","protected":false},"author":1,"featured_media":0,"parent":0,"menu_order":2,"comment_status":"closed","ping_status":"closed","template":"","meta":{"ngg_post_thumbnail":0},"_links":{"self":[{"href":"http:\/\/andrenerman.com\/index.php?rest_route=\/wp\/v2\/pages\/6"}],"collection":[{"href":"http:\/\/andrenerman.com\/index.php?rest_route=\/wp\/v2\/pages"}],"about":[{"href":"http:\/\/andrenerman.com\/index.php?rest_route=\/wp\/v2\/types\/page"}],"author":[{"embeddable":true,"href":"http:\/\/andrenerman.com\/index.php?rest_route=\/wp\/v2\/users\/1"}],"replies":[{"embeddable":true,"href":"http:\/\/andrenerman.com\/index.php?rest_route=%2Fwp%2Fv2%2Fcomments&post=6"}],"version-history":[{"count":114,"href":"http:\/\/andrenerman.com\/index.php?rest_route=\/wp\/v2\/pages\/6\/revisions"}],"predecessor-version":[{"id":1950,"href":"http:\/\/andrenerman.com\/index.php?rest_route=\/wp\/v2\/pages\/6\/revisions\/1950"}],"wp:attachment":[{"href":"http:\/\/andrenerman.com\/index.php?rest_route=%2Fwp%2Fv2%2Fmedia&parent=6"}],"curies":[{"name":"wp","href":"https:\/\/api.w.org\/{rel}","templated":true}]}}